{"id":29673,"date":"2025-03-25T16:27:32","date_gmt":"2025-03-25T15:27:32","guid":{"rendered":"https:\/\/www.chateaudelislette.fr\/?page_id=29673"},"modified":"2025-03-28T15:30:23","modified_gmt":"2025-03-28T14:30:23","slug":"visite-de","status":"publish","type":"page","link":"https:\/\/www.chateaudelislette.fr\/en\/visite-de","title":{"rendered":"visit-of"},"content":{"rendered":"<div data-elementor-type=\"wp-page\" data-elementor-id=\"29673\" class=\"elementor elementor-29673\">\n\t\t\t\t\t\t<section class=\"elementor-section elementor-top-section elementor-element elementor-element-bbbeff3 elementor-section-full_width elementor-section-height-default elementor-section-height-default\" data-id=\"bbbeff3\" data-element_type=\"section\">\n\t\t\t\t\t\t<div class=\"elementor-container elementor-column-gap-default\">\n\t\t\t\t\t<div class=\"elementor-column elementor-col-100 elementor-top-column elementor-element elementor-element-fe30c3d\" data-id=\"fe30c3d\" data-element_type=\"column\">\n\t\t\t<div class=\"elementor-widget-wrap elementor-element-populated\">\n\t\t\t\t\t\t<div class=\"elementor-element elementor-element-3db290b elementor-widget elementor-widget-html\" data-id=\"3db290b\" data-element_type=\"widget\" data-widget_type=\"html.default\">\n\t\t\t\t<div class=\"elementor-widget-container\">\n\t\t\t<!DOCTYPE html>\n<html lang=\"de\">\n<head>\n  <meta charset=\"UTF-8\">\n  <title>Visite de l'Islette<\/title>\n  <meta name=\"viewport\" content=\"width=device-width, initial-scale=1.0\">\n  <style>\n    .slider:has(.slides[data-index=\"0\"]) .slides {transform: translate(0%);}\n    .slider:has(.slides[data-index=\"1\"]) .slides {transform: translateX(-100vw);}\n    .slider:has(.slides[data-index=\"2\"]) .slides {transform: translateX(-200vw);}\n    .slider:has(.slides[data-index=\"3\"]) .slides {transform: translateX(-300vw);}\n    .slider:has(.slides[data-index=\"4\"]) .slides {transform: translateX(-400vw);}\n    .slider:has(.slides[data-index=\"5\"]) .slides {transform: translateX(-500vw);}\n    .slider:has(.slides[data-index=\"6\"]) .slides {transform: translateX(-600vw);}\n    .slider:has(.slides[data-index=\"7\"]) .slides {transform: translateX(-700vw);}\n    .slider:has(.slides[data-index=\"8\"]) .slides {transform: translateX(-800vw);}\n    .slider:has(.slides[data-index=\"9\"]) .slides {transform: translateX(-900vw);}\n    .slider:has(.slides[data-index=\"10\"]) .slides {transform: translateX(-1000vw);}\n    .slider:has(.slides[data-index=\"11\"]) .slides {transform: translateX(-1100vw);}\n    .slider:has(.slides[data-index=\"12\"]) .slides {transform: translateX(-1200vw);}\n    .slider:has(.slides[data-index=\"0\"]) #prev {display: none;}\n    .slider:has(.slides[data-index=\"11\"]) #next {display: none;}\n    p {text-align: justify;}\n    * {\n      margin: 0;\n      padding: 0;\n      box-sizing: border-box;\n    }\n    html, body {\n      font-family: Arial, sans-serif;\n      color: black;\n      overflow: hidden;\n      height: 100%;\n      touch-action: manipulation;\n    }\n    .slide > * {margin-bottom: 20px!important;}\n    .slide > p {margin-bottom: 10px!important;}\n    .slide > p.subtit {\n      margin-top: 25px;\n      margin-bottom: 10px!important;\n      font-weight: 600;\n    }\n    .slide > *:first-child {margin-top: 0px;}\n    .slider {\n      position: relative;\n      width: 100%;\n      overflow: hidden;\n    }\n    .slides {\n      display: flex;\n      width: 1200vw; \/* 12 slides = 1200vw *\/\n      height: 100vh;\n      \/*transition: transform 0.6s ease-in-out;*\/\n      font-size: 18px;\n      line-height: 1.3;\n    }\n    .slide {\n      padding: 20px;\n      width: 100vw;\n      height: calc(100vh - 55px);\n      overflow-y: auto;\n      color: black;\n      text-align: center;\n      margin-bottom: 55px;\n      background-color: #CEA883;\n    }\n    \/* Correction sp\u00e9cifique pour Safari iOS *\/\n    @supports (-webkit-touch-callout: none) {\n      .slide {\n          height: calc(100svh - 55px);\n      }\n    }\n    .arrow {\n      position: fixed;\n      bottom: 0;\n      background-color: rgba(40, 40, 40, 0.8);\n      color: #fff;\n      border: none;\n      font-size: 24px;\n      padding: 20px 50px;\n      cursor: pointer;\n      z-index: 100;\n    }\n    .arrow:hover {background-color: rgba(40, 40, 40, 1);}\n    .arrow-left {left: 0px;}\n    .arrow-right {left: calc(100vw - 112px);}\n    .arrow-bar {\n        background-color: black;\n        position: fixed;\n        bottom: 0;\n        z-index: 99;\n        height: 55px;\n        width: 100vw;\n    }\n    .text-sep {\n      display: flex;\n      justify-content: center;\n      align-items: center;\n      margin-bottom: 20px;\n      margin-top: 20px;\n    }\n    .text-sep > hr {\n      width: 50px;\n      height: 1.5px;\n      color: black;\n      background-color: black!important;\n      border-radius: 1px;\n      border: 0;\n    }\n    .text-size-controls {\n      position: fixed;\n      bottom: 10px;\n      left: 50%;\n      transform: translateX(-50%);\n      display: flex;\n      gap: 10px;\n      z-index: 101;\n    }\n    .text-size-controls button {\n      background: black;\n      color: white;\n      border: none;\n      padding: 10px 15px;\n      font-size: 16px;\n      cursor: pointer;\n      border-radius: 5px;\n      transition: background 0.3s;\n    }\n    .text-size-controls button:hover {\n      background-color: rgba(40, 40, 40, 1);\n    }\n    .info-circle {\n      font-style: normal;\n      display: flex;\n      align-items: center;\n      justify-content: center;\n      width: 24px;\n      height: 24px;\n      font-size: 16px;\n      font-weight: bold;\n      font-family: Arial, sans-serif;\n      border-radius: 50%;\n      border: 1px solid black;\n      margin-right: 5px;\n      font-family: auto;\n    }\n    .info-container {\n      width: 100%;\n      display: flex;\n      justify-content: center;\n      align-items: center;\n      font-style: italic;\n      font-size: 16px;\n      margin-bottom: 30px;\n    }\n    .audio-icon {width: 28px; margin-right: 18px;margin-bottom: 3px;}\n    .file-icon {width: 24px;margin-right:20px;margin-left:20px;}\n    .titl-cont {\n        color: black;\n        line-height: 1.2;\n        text-transform: uppercase;\n        font-size: 24px;\n        font-weight: 500;\n    }\n  <\/style>\n<\/head>\n<body>\n  <div class=\"text-size-controls\">\n    <button id=\"decreaseText\">HAS-<\/button>\n    <button id=\"increaseText\">A+<\/button>\n  <\/div>\n  <div class=\"slider\" id=\"slider\">\n    <div class=\"arrow-bar\">\n      <button class=\"arrow arrow-left\" id=\"prev\">\u276e<\/button>\n      <button class=\"arrow arrow-right\" id=\"next\">\u276f<\/button>\n    <\/div>\n    <div class=\"slides\" id=\"slides\">\n        <div class=\"slide\" id=\"s1\">\n  <div><span class=\"titl-cont\"><img decoding=\"async\" src=\"\/wp-content\/uploads\/2025\/03\/headphones-min.png\" class=\"audio-icon\">1. Welcome<\/span><\/div>\n  <audio controls>\n    <source src=\"\/wp-content\/uploads\/2025\/03\/DE1.mp3\" type=\"audio\/mpeg\">\n      Ihr Browser unterst\u00fctzt das Audioelement nicht.\n    <\/audio>\n  <div class=\"text-sep\">\n    <hr \/>\n    <img decoding=\"async\" src=\"\/wp-content\/uploads\/2025\/03\/file-min.png\" class=\"file-icon\">\n    <hr \/>\n  <\/div>\n  <p>\n    Dear Visitor,<br \/>\n    Meine Frau und ich, zusammen mit unseren Kindern, freuen uns, Sie in l&#039;Islette begr\u00fc\u00dfen zu d\u00fcrfen. Das Schloss wird nat\u00fcrlich der Mittelpunkt Ihres Besuchs sein. Denoch the picture of the Anwesen mit dem durchflie\u00dfenden Fluss, seiner M\u00fchle, dem englischen Park und einem Garten, der vor der S\u00fcdfassade strukturiert ist, aber ansonsten sehr naturnah bleibt, eine harmonische Einheit, die Sie, so hoffe ich, bezaubern wird.<br \/>\n    The latest war was in the 1960s, and the war was still in its infancy. If you do not have any instructions, the rest of the Restaurierungsarbeiten must be taken into account. In any case, this is the project. If it is best to eat, you will find 2010 l&#039;Islette \u00fcbernommen und es der \u00d6ffentlichkeit zug\u00e4nglich gemacht haben. Die Aufgabe ist nicht unbedingt einfach, aber sicherlich aufregend. Ihre Anwesenheit ermutigt uns. Ich danke Ihnen und w\u00fcnsche Ihnen einen wunderbaren Besuch.<br \/>\n    Pierre-Andr\u00e9 Michaud\n  <\/p>\n  <br \/>\n  <p>\n    Dear Visitor,<br \/>\n    Ich freue mich, Sie in diesem Haus begr\u00fc\u00dfen zu d\u00fcrfen.<br \/>\n    Wir leben hier funf\u00fcnf Monate im Jahr als Familie. If you have other reservations, if you have reservations, and if you are in the restaurant at the Bauernhof, you will have to reserve them. Seine Innenaufteilung, die Gr\u00f6\u00dfe der R\u00e4ume und ihre Anordnung sowie das nat\u00fcrliche Licht, das sie durchflutet, machen es zu einem sehr angenehmen Wohnort. It&#039;s a warm and menswear dimension, it&#039;s a very warm and menswear item, and it&#039;s a warm and menswear item, so it&#039;s a person who is close to you or not.<br \/>\n    I think it&#039;s time for you to watch it and we&#039;ll see what happens when you&#039;re alive and well. Ich hoffe aufrichtig, dass Sie ihn ebenfalls sch\u00e4tzen werden.<br \/>\n    Benedicte Michaud\n  <\/p>\n<\/div>\n\n<div class=\"slide\" id=\"s2\">\n  <div><span class=\"titl-cont\"><img decoding=\"async\" src=\"\/wp-content\/uploads\/2025\/03\/headphones-min.png\" class=\"audio-icon\">2. Eingangstor, M\u00fchle und Fluss<\/span><\/div>\n  <audio controls>\n    <source src=\"\/wp-content\/uploads\/2025\/03\/DE2.mp3\" type=\"audio\/mpeg\">\n      Ihr Browser unterst\u00fctzt das Audioelement nicht.\n    <\/audio>\n  <div class=\"info-container\"><div class=\"info-circle\">i<\/div>Detailed audio version<\/div>\n  <div class=\"text-sep\">\n    <hr>\n    <img decoding=\"async\" src=\"\/wp-content\/uploads\/2025\/03\/file-min.png\" class=\"file-icon\">\n    <hr>\n  <\/div>\n  <p class=\"subtit\">EINGANGSTOR<\/p>\n  <p>\n    Best hend aus einem steinernen Tor, das von zwei quadratischen Pavillons flankiert wird, stammt das Ensemble aus dem fr\u00fchen 17. Jahrhundert. This is an inscription based on the date 1638 of the Au\u00dfenseite. Dieses Datum sollte jedoch nicht mit dem Abschluss des Schlosses selbst verwechselt werden, das um 1530 fertiggestellt wurde.\n  <\/p>\n  <p class=\"subtit\">M\u00dcHLE \u2013 FLUSS<\/p>\n  <p>\n    Urspr\u00fcnglich eine &quot;banale&quot; M\u00fchle, in der die von der Herrschaft abh\u00e4ngigen Menschen gegen eine Geb\u00fchr ihr Getreide mahlen mussten, wurde die alte M\u00fchle nach dem Krieg in ein Wohnhaus umgewandelt. Ihr Mechanismus is verschwunden, aber eine Untersuchung des napoleonischen Katasters zeigt, dass sie zwei R\u00e4der hatte, eines auf jeder Seite, die wahrscheinlich zwei verschiedenen entsprachen.\n  <\/p>\n  <p>\n    Der Fluss est der Indre, um den sich das Anwesen (etwa 50 Hektar) erstreckt. Das Wasserelement, das f\u00fcr l&#039;Islette (&quot;kleine Insel&quot;) unerl\u00e4sslich ist, ist untrennbar mit der Sch\u00f6nheit und dem Charme des Ortes verbunden. Der Fluss picture also the natural Grenze zwischen zwei Gemeinden: Azay-le-Rideau am rechten Ufer, wo man eintritt, und Cheill\u00e9 am linken Ufer, wo sich das Schloss befindet.\n  <\/p>\n<\/div>\n\n<div class=\"slide\" id=\"s3\">\n  <div><span class=\"titl-cont\"><img decoding=\"async\" src=\"\/wp-content\/uploads\/2025\/03\/headphones-min.png\" class=\"audio-icon\">3. Ziegler and Steinfl\u00fcgel<\/span><\/div>\n  <audio controls>\n    <source src=\"\/wp-content\/uploads\/2025\/03\/DE3.mp3\" type=\"audio\/mpeg\">\n      Ihr Browser unterst\u00fctzt das Audioelement nicht.\n    <\/audio>\n  <div class=\"info-container\"><div class=\"info-circle\">i<\/div>Detailed audio version<\/div>\n  <div class=\"text-sep\">\n    <hr>\n    <img decoding=\"async\" src=\"\/wp-content\/uploads\/2025\/03\/file-min.png\" class=\"file-icon\">\n    <hr>\n  <\/div>\n  <p>Dies ist der \u00e4lteste Teil des Schlosses und stammt aus dem 15. Jahrhundert. W\u00e4hrend des Renaissance-Baus des heutigen Denkmals befand sich in diesem Fl\u00fcgel ein altes Herrenhaus, das sich in Richtung des Flusses erstreckte. No matter what the stone and steel structure is, it&#039;s time to go to the Eckpavillon, and it&#039;s the new Schloss verbunden war. Die Ziegelw\u00e4nde waren Innenw\u00e4nde, w\u00e4hrend die Ziegel- und Tuffsteinw\u00e4nde Au\u00dfenw\u00e4nde waren. Man cann erkennen, dass dieses \u00e4ltere Geb\u00e4ude niedriger war; Also, the openings are slightly different, but the effects are even worse.\n  <\/p>\n  <p>\n    Die Existenz von l&#039;Islette ist jedoch noch \u00e4lter, da ein Text aus dem Jahr 1295 belegt, dass es damals im Besitz von Adam Panaterius, dem Vogt der Touraine, war.\n  <\/p>\n<\/div>\n\n<div class=\"slide\" id=\"s4\">\n  <div><span class=\"titl-cont\"><img decoding=\"async\" src=\"\/wp-content\/uploads\/2025\/03\/headphones-min.png\" class=\"audio-icon\">4. South Fassade<\/span><\/div>\n  <audio controls>\n    <source src=\"\/wp-content\/uploads\/2025\/03\/DE4.mp3\" type=\"audio\/mpeg\">\n      Ihr Browser unterst\u00fctzt das Audioelement nicht.\n    <\/audio>\n  <div class=\"info-container\"><div class=\"info-circle\">i<\/div>Detailed audio version<\/div>\n  <div class=\"text-sep\">\n    <hr>\n    <img decoding=\"async\" src=\"\/wp-content\/uploads\/2025\/03\/file-min.png\" class=\"file-icon\">\n    <hr>\n  <\/div>\n  <p>Mit seinen beiden T\u00fcrmen erstreckt sich diese Renaissance-Fassade \u00fcber 54 Meter und zeugt von dem architektonischen Ehrgeiz, der der Konzeption von l\u2019Islette zugrunde lag. Dies zeigt sich auch in der Wahl einer vierst\u00f6ckigen Erh\u00f6hung mit dem Dachgeschoss. Trotz stilistische \u00c4hnlichkeiten mit dem Schloss Azay-le-Rideau wurde das Projekt von l&#039;Islette wahrscheinlich fr\u00fcher konzipiert, aber aufgrund seines Umfangs langsamer vorangetrieben.\n  <\/p>\n  <p>\n    The upper side of the wall, the lower side of the wall, the lower part of the frame, the lower part of the wall and the lower proportions of the wall. Diese Fenster, geschm\u00fcckt mit einer Volute in der Mitte des Sturzes, waren urspr\u00fcnglich alle mit Sprossen versehen, wie man es heute noch im zweiten Stock sehen kann. Die Stockwerke sind durch ein doppeltes Gesimsband getrennt. The current Bauwerk is one of the Wehrgang auf Kragsteinen gekr\u00f6nt.\n  <\/p>\n  <p>\n    Gebaut aus sch\u00f6nem Quaderstein, wahrscheinlich aus nahegelegenen Steinbr\u00fcchen, war das Schloss urspr\u00fcnglich von einem Graben umgeben (heute durch Kies ersetzt). Above all, if the Nuts of the Zugbr\u00fccke are present, the Zugang zum Schloss erm\u00f6glichten, noch sichtbar. Dar\u00fcber hinaus waren die T\u00fcrme spitz und die Dachgauben mit geschnitzten Steinziegeln verziert.\n  <\/p>\n  <p>\n    Um die 1830er\/1840er Jahre lie\u00df Jean-Baptiste Dupuy, der damalige Besitzer, die Gr\u00e4ben auff\u00fcllen, die T\u00fcrme k\u00fcrzen und die Dachgauben ver\u00e4ndern, wodurch l&#039;Islette within heutiges Aussehen erhielt. Warum solche \u00c4nderungen? Lange Zeit nahm man an, dass es sich um Sparma\u00dfnahmen handelte. Heute vermutet man jedoch, dass dieser wohlhabende und willensstarke Mann seine Spuren am Ort hinterlassen wollte.\n  <\/p>\n<\/div>\n\n<div class=\"slide\" id=\"s5\">\n  <div><span class=\"titl-cont\"><img decoding=\"async\" src=\"\/wp-content\/uploads\/2025\/03\/headphones-min.png\" class=\"audio-icon\">5. Geschnitztes Kartusche - Sonnenuhr<\/span><\/div>\n  <audio controls>\n    <source src=\"\/wp-content\/uploads\/2025\/03\/DE5.mp3\" type=\"audio\/mpeg\">\n      Ihr Browser unterst\u00fctzt das Audioelement nicht.\n    <\/audio>\n  <div class=\"info-container\"><div class=\"info-circle\">i<\/div>Detailed audio version<\/div>\n  <div class=\"text-sep\">\n    <hr>\n    <img decoding=\"async\" src=\"\/wp-content\/uploads\/2025\/03\/file-min.png\" class=\"file-icon\">\n    <hr>\n  <\/div>\n  <p class=\"subtit\">CUT TO FIT CARTRIDGES<\/p>\n  <p>\n    \u00dcber dem Eingangstor befindet sich dieses fein geschnitzte Motiv aus der Renaissancezeit. In the middle of the night there are two small figures on the Helm, after the Wappen is overloaded, all the flowers and flowers, Symbols of the Girl and the Reich are taken into account. Darunter eine sch\u00f6ne Landschaft mit einer Windm\u00fchle und einem Glockenturm. Der Reichtum und die Sorgfalt, die die sem Relief gewidmet wurden, zeigen, wie wichtig es war, diesen Eingang zu versch\u00f6nern.\n  <\/p>\n  <p class=\"subtit\">SUNDAY<\/p>\n  <p>\n    Aus der zweiten H\u00e4lfte des 18. Jahrhunderts stammend, ist das Besondere an der Sonnenuhr die in ihrer Mitte dargestellte Acht-Kurve, die sogenannte Analemma. Wenn es mittags ist, trifft der Schatten des Stils auf die Acht-Kurve. Die Sternzeichen, die sie durchlaufen, erm\u00f6glichen es uns, die Jahreszeit zu bestimmen.\n  <\/p>\n<\/div>\n\n<div class=\"slide\" id=\"s6\">\n  <div><span class=\"titl-cont\"><img decoding=\"async\" src=\"\/wp-content\/uploads\/2025\/03\/headphones-min.png\" class=\"audio-icon\">6. Chapel<\/span><\/div>\n  <audio controls>\n    <source src=\"\/wp-content\/uploads\/2025\/03\/DE6.mp3\" type=\"audio\/mpeg\">\n      Ihr Browser unterst\u00fctzt das Audioelement nicht.\n    <\/audio>\n  <div class=\"info-container\"><div class=\"info-circle\">i<\/div>Detailed audio version<\/div>\n  <div class=\"text-sep\">\n    <hr>\n    <img decoding=\"async\" src=\"\/wp-content\/uploads\/2025\/03\/file-min.png\" class=\"file-icon\">\n    <hr>\n  <\/div>\n  <p>\n    Die zu Beginn des 17. Jahrhunderts gemalten Dekorationen der Kapelle haben durch eine im Jahr 2012 durchgef\u00fchrte Restaurierung ihre ganze Sch\u00f6nheit wiedererlangt. The Kreuzrippengew\u00f6lbe ist mit einer Streuung von sechszackigen goldenen Sternen auf blauem Lapislazuli-Hintergrund verziert. Die Rippen, die auf geschnitzten Kapitellen ruhen, sind mit einem stylisierten pflanzlichen Dekorationsfries verziert.\n  <\/p>\n  <p>\n    Vor der mwandlung in eine Kapelle war diese Ebene wahrscheinlich blind und hatte nur defensive Funktionen, wie der south-westliche Turm. Zwei franz\u00f6sische Schie\u00dfscharten, die von au\u00dfen sichtbar sind, belegen dies.\n  <\/p>\n<\/div>\n\n<div class=\"slide\" id=\"s7\">\n  <div><span class=\"titl-cont\"><img decoding=\"async\" src=\"\/wp-content\/uploads\/2025\/03\/headphones-min.png\" class=\"audio-icon\">7. Unterer Saal oder Gemeinschaftsraum<\/span><\/div>\n  <audio controls>\n    <source src=\"\/wp-content\/uploads\/2025\/03\/DE7.mp3\" type=\"audio\/mpeg\">\n      Ihr Browser unterst\u00fctzt das Audioelement nicht.\n    <\/audio>\n  <div class=\"info-container\"><div class=\"info-circle\">i<\/div>Detailed audio version<\/div>\n  <div class=\"text-sep\">\n    <hr>\n    <img decoding=\"async\" src=\"\/wp-content\/uploads\/2025\/03\/file-min.png\" class=\"file-icon\">\n    <hr>\n  <\/div>\n  <p>\n    When you leave the room, you need to take the Eingangshalle, the obligatorischen Durchgangspunkt, um durch die urspr\u00fcnglich vorhandene Zugbr\u00fccke in das Schloss zu gelangen. Das Denkmal war tats\u00e4chlich von einem Graben umgeben. Dies ist auf dem napoleonischen Kataster, von dem eine Reproduktion in diesem Raum zu sehen ist, deutlich zu erkennen. Beachten Sie also die alte Gravur: Es handelt sich um l&#039;Islette, umgeben vom Wasser des Grabens, mit seinen spitzen T\u00fcrmen und Dachgauben, bevor im 19. Jahrhundert \u00c4nderungen vorgenommen wurden.\n  <\/p>\n  <p>\n    Dieser Raum, der ebenfalls restauriert wurde, ist Camille Claudel und Rodin gewidmet, insbesondere dank sehr interesting Documente, die uns freundlicherweise vom Mus\u00e9e Rodin zur Verf\u00fcgung gestellt wurden. In the briefest of my fellow artists, I met l&#039;Islette verbunden sind oder exemplarisch f\u00fcr ihre romantischen und pers\u00f6nlichen Beziehungen stehen.\n  <\/p>\n  <p class=\"subtit\">CAMILLE CLAUDEL UND AUGUSTE RODIN, DIE LEIDENSCHAFT ZWEIER K\u00dcNSTLER<\/p>\n  <p>\n    1882 by Camille Claudel Sch\u00fclerin von Auguste Rodin; 17 years of war, 41 years of war. Au\u00dfergew\u00f6hnlich talentiert, trat sie schnell seinem Atelier bei. But when it comes to a different style, it&#039;s romantic and even more romantic, and it&#039;s even more romantic.\n  <\/p>\n  <p>\n    Ver\u00e4rgert dar\u00fcber, auf die Rolle der Sch\u00fclerin beschr\u00e4nkt zu sein, und bestrebt, sich zu emanzipieren, um f\u00fcr ihre eigene creative Arbeit anerkannt zu werden, trennte sich Camille Claudel 1892. Sie hatte auch erkannt, dass Rodin seine Gef\u00e4hrtin Rose Beuret It is not possible to see any damage.\n  <\/p>\n  <p class=\"subtit\">CAMILLE CLAUDEL AND AUGUSTE RODIN IN L\u2019ISLETTE<\/p>\n  <p>\n    L&#039;Islette was born in the early 1890s and is still the latest version of the large Bildhauer. Das Anwesen war f\u00fcr sie in Ort der Ruhe. If you do not have any information about the war, your hands will be in one place or another, but there will be no guarantees. Warum yesterday? In July 1889, Rodin was approached by the Loire and his castle, after which the castle was opened \u2013 after the Islette (in the Gemeinschaftsraum) \u2013 and by man, the castle was already there. Und die Besitzer dieser Zeit nahmen einfach zahlende G\u00e4ste auf. Please note that these are in den Sommern 1890, 1891 and 1892 zur\u00fcck.\n  <\/p>\n  <p class=\"subtit\">DENKMAL FOR BALZAC<\/p>\n  <p>\n    (see the photos linked to the content of the Gemeinschaftsraums)<br>\n    In August 1891, the Soci\u00e9t\u00e9 des Gens de Lettres was published by \u00c9mile Zola Rodin and his friends by Balzac. Begeistert kehrte der K\u00fcnstler nach l&#039;Islette zur\u00fcck und fand in einem Kutscher aus Azay-le-Rideau namens Estager, dessen \u00c4hnlichkeit mit dem gro\u00dfen Schriftsteller angeleblich frappierend war, ein Modell mit tourangeauem Typus. Rodin, of the seine Figuren stets nackt zu modellieren begann, bevor er sie bekleidete, mustste Estager einen Louisdor pro Sitzung zahlen, damit dieser seine Anatomie preisgab! So fand in l&#039;Islette eine wichtige Anfangsphase bei der Schaffung des Balzac-Denkmals statt. Das Werk wurde erst 1898 abgeschlossen, aber als nicht \u00e4hnlich genug f\u00fcr die meisten Zeitgenossen abgelehnt; Rodin hatte ein moralisches Portr\u00e4t des K\u00fcnstlers schaffen wollen. The branch is located in the Villa in Meudon and was first opened on 1. July 1939, it was born in Tod 1917, in Paris at Carrefour Vavin opened.\n  <\/p>\n<\/div>\n\n<div class=\"slide\" id=\"s8\">\n  <div><span class=\"titl-cont\"><img decoding=\"async\" src=\"\/wp-content\/uploads\/2025\/03\/headphones-min.png\" class=\"audio-icon\">8. Large Room<\/span><\/div>\n  <audio controls>\n    <source src=\"\/wp-content\/uploads\/2025\/03\/DE8.mp3\" type=\"audio\/mpeg\">\n      Ihr Browser unterst\u00fctzt das Audioelement nicht.\n    <\/audio>\n  <div class=\"info-container\"><div class=\"info-circle\">i<\/div>Detailed audio version<\/div>\n  <div class=\"text-sep\">\n    <hr>\n    <img decoding=\"async\" src=\"\/wp-content\/uploads\/2025\/03\/file-min.png\" class=\"file-icon\">\n    <hr>\n  <\/div>\n  <p>\n    The large saal has been designed with high quality and high decorating features of the Stolz dieses Schlosses. Und er erscheint noch pr\u00e4chtiger, wenn man sich vorstellt, dass er Camille Claudel und Rodin w\u00e4hrend ihrer Aufenthalte in l\u2019Islette als Atelier gedient haben k\u00f6nnte.\n  <\/p>\n  <p>\n    Er wird Saint-Paul-Saal genannt, nach einem Gem\u00e4lde, das die Bekehrung des Paulus auf dem Weg nach Damaskus darstellt und urspr\u00fcnglich den Kamin schm\u00fcckte. This is the verse and word of Madonna with Kind regards, the Schule of Simon Vouet is already there.\n  <\/p>\n  <p>\n    Dieser Raum (14 Meter long, 8 Meter breit and 5 Meter hoch) bietet eine bemerkenswerte bildliche Dekoration aus dem fr\u00fchen 17. Jahrhundert, die ein ikonografisches Programm von hoher symbolischer und theologischer Bedeutung darstellt, ein Zeugnis jener Zeit, die von konfessionellen Konflikten gepr\u00e4gt war. Gemalt sind die gesamte Decke, der Kamin, der Holzvert\u00e4felungen der Sockel, die Tafeln \u00fcber den T\u00fcren sowie in Fries, der oben an den W\u00e4nden entlangl\u00e4uft. Auf den Sockeln wechseln sich elegante Blumenstr\u00e4u\u00dfe mit Landschaften ab, die oft Wasser darstellen, ein Element, das in l&#039;Islette so present ist: Man kann eine Fischszene oder eine Sch\u00e4ferin erkennen, die ihre Schafe am Flussufer h\u00fctet.\n  <\/p>\n  <p>\n    Auf dem Fries sind auch verschiedene Medaillons gemalt: unter anderem rechts vom Kamin Venus, die G\u00f6ttin der Sch\u00f6nheit, und Eros, der Gott der Liebe, mit Bogen und K\u00f6cher; auf der gegen\u00fcberliegenden Seite des Raums eine Kampfszene. Das Ganze ist reich mit Fr\u00fcchten und Blumen verziert, die F\u00fclle symbolisieren.\n  <\/p>\n  <p class=\"subtit\">KAMIN<\/p>\n  <p>\n    Unter dem zentralen Gem\u00e4lde, das den Kamin schm\u00fcckt (die Madonna mit Kind), zeigt ein gemaltes Medaillon eine Jagdszene, stets am Wasserrand, was die Bedeutung dieses Elements en l&#039;Islette unterstreicht. If you read the pages of the Gem\u00e4ldes sind Allegorien von Tugenden dargestellt, die der Herr des Hauses wahrscheinlich hervorheben wollte. Links to theological studies: unten die Hoffnung, erkennbar an ihrem Anker; Dar\u00fcber der Glaube, mit einer Bibel und einem Kreuz als Attribute. Es gibt eine dritte, die hier nicht dargestellt ist: die N\u00e4chstenliebe. Was the Kardinal tugenden betrifft, so if it is au\u00dfer der Klugheit and der M\u00e4\u00dfigung, die nicht dargestellt sind, rechts Gerechtigkeit und St\u00e4rke zu erkennen. Bei n\u00e4herer Betrachtung sieht man, dass die vier Wappenb\u00fcndel nachtr\u00e4glich hinzugef\u00fcgt wurden. Der Kamin ist immer noch sehr reich verziert, aber an ihrer Stelle gab es wahrscheinlich urspr\u00fcnglich geschnitzte Motive.\n  <\/p>\n  <p class=\"subtit\">FRIESE OF THE WAPPEN<\/p>\n  <p>\n    The Schloss was founded in 1530 by Ren\u00e9 de Maill\u00e9 and was later founded by the family members of the Touraine family, which is the oldest in the world, from 1350 to 1650. Wir danken diesen Fries mit 27 Wappen, der oben an den W\u00e4nden gemalt ist, seinem Urenkel Charles de Maill\u00e9, der 1612 Markgraf wurde. Yesterday there was a famous historical book, of the Wappen of the Maill\u00e9 Family, of the Besitzer of l&#039;Islette, of the Friese of the South and of the South, of the Mitte, of the Kamin, of Charles in the end, of the Krone of the Markgrafen \u00fcberragt wird (die Seiner m\u00fctterlichen Familie sind auf der Nordseite dargestellt).\n  <\/p>\n  <p>\n    Unter diesen Wappen befindet sich jedoch ein Eindringling: Er hat nichts Adliges! It&#039;s the last of the Kamin, the Jean-Baptiste Dupuy (man is already a Brunnen!) but it&#039;s too late, the Besitzer, the Fassadenarbeiten im 19. Jahrhundert durchf\u00fchren lie\u00df.\n  <\/p>\n<\/div>\n\n<div class=\"slide\" id=\"s9\">\n  <div><span class=\"titl-cont\"><img decoding=\"async\" src=\"\/wp-content\/uploads\/2025\/03\/headphones-min.png\" class=\"audio-icon\">9. Bedroom<\/span><\/div>\n  <audio controls>\n    <source src=\"\/wp-content\/uploads\/2025\/03\/DE9.mp3\" type=\"audio\/mpeg\">\n      Ihr Browser unterst\u00fctzt das Audioelement nicht.\n    <\/audio>\n  <div class=\"info-container\"><div class=\"info-circle\">i<\/div>Detailed audio version<\/div>\n  <div class=\"text-sep\">\n    <hr>\n    <img decoding=\"async\" src=\"\/wp-content\/uploads\/2025\/03\/file-min.png\" class=\"file-icon\">\n    <hr>\n  <\/div>\n  <p class=\"subtit\">SHELF ROOM IN THE WEST TURM<\/p>\n  <p>\n    A quadratisches Zimmer in one round tower, of the Wandst\u00e4rke (2.30 Meter) is just right... Old place Camille Claudel in diesem Zimmer. Tats\u00e4chlich wissen wir einerseits, dass Rodin mehrere Zimmer in diesem Stockwerk mietete, and andererseits schrieb sie ihm in einem Brief vom 25. June 1893: \u201eMlle Vaissier kam mich besuchen and erz\u00e4hlte mir alle m\u00f6glichen Fabeln, die \u00fcber mich in l&#039;Islette erfunden wurden Es hei\u00dft, ich gehe nachts durch das Fenster meines Turms, h\u00e4ngend an einem roten Regenschirm, mit dem ich den Wald in Brand setze!!!\u201c\n  <\/p>\n<\/div>\n\n<div class=\"slide\" id=\"s10\">\n  <div><span class=\"titl-cont\"><img decoding=\"async\" src=\"\/wp-content\/uploads\/2025\/03\/headphones-min.png\" class=\"audio-icon\">10. Small bedroom<\/span><\/div>\n  <audio controls>\n    <source src=\"\/wp-content\/uploads\/2025\/03\/DE10.mp3\" type=\"audio\/mpeg\">\n      Ihr Browser unterst\u00fctzt das Audioelement nicht.\n    <\/audio>\n  <div class=\"info-container\"><div class=\"info-circle\">i<\/div>Detailed audio version<\/div>\n  <div class=\"text-sep\">\n    <hr>\n    <img decoding=\"async\" src=\"\/wp-content\/uploads\/2025\/03\/file-min.png\" class=\"file-icon\">\n    <hr>\n  <\/div>\n  <p class=\"subtit\">KLEINES SCHLAFZIMMER MIT ZIEGELW\u00c4NDEN<\/p>\n  <p>\n    Yesterday I found a man who had already left the house at the 15th. Diese Verkleidung mit ihren \u201eengen\u201c Fugen \u2013 aus der N\u00e4he sieht man die beiden Seiten der Fuge, die den Mauerwerkschl\u00e4gen des Maurers entsprechen \u2013 ist so geblieben, wie sie damals war.\n  <\/p>\n<\/div>\n\n<div class=\"slide\" id=\"s11\">\n  <div><span class=\"titl-cont\"><img decoding=\"async\" src=\"\/wp-content\/uploads\/2025\/03\/headphones-min.png\" class=\"audio-icon\">11. Kitchen<\/span><\/div>\n  <audio controls>\n    <source src=\"\/wp-content\/uploads\/2025\/03\/DE11.mp3\" type=\"audio\/mpeg\">\n      Ihr Browser unterst\u00fctzt das Audioelement nicht.\n    <\/audio>\n  <div class=\"info-container\"><div class=\"info-circle\">i<\/div>Detailed audio version<\/div>\n  <div class=\"text-sep\">\n    <hr>\n    <img decoding=\"async\" src=\"\/wp-content\/uploads\/2025\/03\/file-min.png\" class=\"file-icon\">\n    <hr>\n  <\/div>\n  <p>\n    Hier befinden Sie sich im anderen Turm des Schlosses, der sich im Osten befindet. Wir sind direkt \u00fcber der Kapelle; When the T\u00fcren is turned off, it&#039;s time to take care of the little ones, and it&#039;s time to take care of it.<br \/>\n    Heute wurde dieser Raum in eine K\u00fcche umgewandelt. Also yesterday is the Dicke of the W\u00e4nde auff\u00e4llig. Dies zeigt sich an den Electroger\u00e4ten, insbesondere am K\u00fchlschrank, einer Marke, die Monsieur and Madame Michaud unbedingt behalten wollten und die sie deaher vollst\u00e4ndig reparieren lie\u00dfen. Schlie\u00dflich beachten Sie auch die sch\u00f6ne Alsocht auf den Fluss.<br \/>\n    If you have already purchased the Stockworks of the Turm, you will need to do so.<br \/>\n    Das zweite Stockwerk hat eine identische Aufteilung wie dies. Es wird voraussichtlich nie f\u00fcr Besucher ge\u00f6ffnet sein. These are the best weiteren Wohnr\u00e4umen zur privaten Nutzung der Eigent\u00fcmer.\n  <\/p>\n<\/div>\n\n<div class=\"slide\" id=\"s12\">\n  <div><span class=\"titl-cont\"><img decoding=\"async\" src=\"\/wp-content\/uploads\/2025\/03\/headphones-min.png\" class=\"audio-icon\">12. Dining Hall<\/span><\/div>\n  <audio controls>\n    <source src=\"\/wp-content\/uploads\/2025\/03\/DE12.mp3\" type=\"audio\/mpeg\">\n      Ihr Browser unterst\u00fctzt das Audioelement nicht.\n    <\/audio>\n  <div class=\"info-container\"><div class=\"info-circle\">i<\/div>Detailed audio version<\/div>\n  <div class=\"text-sep\">\n    <hr>\n    <img decoding=\"async\" src=\"\/wp-content\/uploads\/2025\/03\/file-min.png\" class=\"file-icon\">\n    <hr>\n  <\/div>\n  <p>\n    The air is always the same as the food, it doesn&#039;t matter what the big window is, but it&#039;s all naturally spent. Then you can see the Blick on the gardens.<br \/>\n    In the Renaissance pictures we have Raum and the K\u00fcche wahrscheinlich die Wohnung des Herrn. When you spend the time in the shower room, you can put the dishes in the kitchen (the short wand) and the kitchen in the wardrobe. And of the small Raum mit einem sch\u00f6nen Kreuzrippengew\u00f6lbe war ein Studierzimmer. Im zweiten Stock k\u00f6nnte sich an derselben Stelle die Wohnung der Hausherrin befinden.\n  <\/p>\n  <p class=\"subtit\">THE LITTLE CHATELAINE <i>(The Little Castle Sheriff)<\/i><\/p>\n  <p>\n    Camille Claudel, died in September 1892 allein nach l&#039;Islette zur\u00fcckkehrte, wahrscheinlich um sich von einer nicht zu Ende gef\u00fchrten Schwangerschaft zu erholen, und zur Zeit ihres Bruchs mit Rodin, lie\u00df die kleine Marguerite Boyer, 6 Jahre alt, Enkelin der Besitzer, 62 Poorly placed. Then you can find out more about La Petite Ch\u00e2telaine, and when it&#039;s over, the \u201eDie Kleine von l&#039;Islette\u201c, when it&#039;s new, it&#039;s old, it doesn&#039;t have that hat. Beim Anblick eines der Marmorwerke sagte Rodin: \u201eDiese B\u00fcste hat mir einen Ansporn gegeben.\u201c This is another variation of La Petite Ch\u00e2telaine, which is under Frisur liegt. Hier k\u00f6nnen Sie eine Bronze dieser wunderbaren Skulptur mit brauner Patina bewundern. It is handelt sich um das Modell mit einem gekr\u00fcmmten, fest geflochtenen Zopf.\n  <\/p>\n  <p class=\"subtit\">THE LOVESEATS <i>(The Klatschbasen)<\/i><\/p>\n  <p>\n    Also, you can find an original bronze from Les Causeuses by Camille Claudel. Ab 1892 unterschied sie sich von Rodin, insbesondere durch Miniaturskulpturen, die intimate Szenen des allt\u00e4glichen Lebens darstellen. Please note that there are other versions of the version. This present model is in Bronze with black-brown Patina and on the order with \u201eC. Claudel 1896\u201c signed.\n  <\/p>\n  <p class=\"subtit\" style=\"text-align:center;\">\n    VIELEN DANK F\u00dcR IHREN BESUCH!\n  <\/p>\n<\/div>\n\n      \n    <\/div>\n  <\/div>\n  <script>\n    document.addEventListener(\"DOMContentLoaded\", () => {\n      \n      \/\/ G\u00e9rer l'initialisation de data-index en fonction de l'URL\n      const slides_container = document.getElementById('slides');\n      let currentIndex = null;\n      const hash = window.location.hash;\n      const slideMap = { '#s1': 0, '#s2': 1, '#s3': 2, '#s4': 3, '#s5': 4, '#s6': 5, '#s7': 6, '#s8': 7, '#s9': 8, '#s10': 9, '#s11': 10, '#s12': 11 }; \/\/ Associe les IDs aux index\n      if (slideMap[hash] !== undefined) {\n        slides_container.setAttribute('data-index', slideMap[hash]);\n        currentIndex = slideMap[hash];\n      } else {\n        slides_container.setAttribute('data-index', 0); \/\/ Par d\u00e9faut\n        currentIndex = 0;\n      }\n\n      \/\/ Pause des autres pistes audio lorsqu'une piste est jou\u00e9e\n      const audios = document.querySelectorAll('audio');\n      let currentTrackIndex = null;\n      audios.forEach((audio, index) => {\n        audio.addEventListener('play', () => {\n          if (currentTrackIndex && currentTrackIndex !== null && currentTrackIndex !== index) {\n            audios[currentTrackIndex].pause();\n          }\n          currentTrackIndex = index;\n        });\n      });\n\n      \/\/ G\u00e9rer les clics sur les boutons Next et Previous pour changer de slide : M\u00e0J de data-index, scroll et pause des pistes audio\n      const slides = document.querySelectorAll('.slide');\n      const totalSlides = slides.length;\n      \/\/ previous\n      document.getElementById('prev').addEventListener('click', () => {\n        if (currentIndex > 0) {\n          currentIndex--;\n          slides[currentIndex].scrollTo({ top: 0 });\n        }\n        slides_container.setAttribute('data-index', currentIndex);\n        if (currentTrackIndex !== null) {\n          audios[currentTrackIndex].pause();\n        }\n      });\n      \/\/ next\n      document.getElementById('next').addEventListener('click', () => {\n        if (currentIndex < totalSlides - 1) {\n          currentIndex++;\n          slides[currentIndex].scrollTo({ top: 0 });\n        }\n        slides_container.setAttribute('data-index', currentIndex);\n        if (currentTrackIndex !== null) {\n          audios[currentTrackIndex].pause();\n        }\n      });\n      let fontSize = 18;\n      const increaseBtn = document.getElementById(\"increaseText\");\n      const decreaseBtn = document.getElementById(\"decreaseText\");\n      \/\/ Gestion des boutons de texte\n      function changeFontSize(increase) {\n        if (increase && fontSize >= 26 || (!increase && fontSize <= 14)) return; \/\/ Taille maximale ou min\n        fontSize += increase ? 3 : -3; \/\/ Augmenter ou diminuer de 3px\n        slides_container.style.fontSize = `${fontSize}px`;\n      }\n      \/\/ \u00c9couteurs pour ajuster la taille du texte\n      increaseBtn.addEventListener(\"click\", () => changeFontSize(true));\n      decreaseBtn.addEventListener(\"click\", () => changeFontSize(false));\n      \n      \/\/ Handle swipe\n      function swipeToSlide(index) {\n        if (index >= 0 && index < totalSlides) {\n          currentIndex = index;\n          slides_container.setAttribute(\"data-index\", index);\n          if (currentTrackIndex !== null) {\n            audios[currentTrackIndex].pause();\n          }\n          slides[currentIndex].scrollTo({ top: 0 });\n        }\n      }\n      let touchStartX = 0, touchEndX = 0;\n      let touchStartY = 0, touchEndY = 0;\n  \n      slides_container.addEventListener(\"touchstart\", (event) => {\n        touchStartX = event.touches[0].clientX;\n        touchStartY = event.touches[0].clientY;\n      });\n  \n      slides_container.addEventListener(\"touchend\", (event) => {\n        touchEndX = event.changedTouches[0].clientX;\n        touchEndY = event.changedTouches[0].clientY;\n        handleSwipe();\n      });\n  \n      function handleSwipe() {\n        const deltaX = touchStartX - touchEndX;\n        const deltaY = touchStartY - touchEndY;\n        const verticalThreshold = 30; \/\/ Si le d\u00e9placement vertical est trop grand, on annule\n        const swipeThreshold = 60; \/\/ Distance minimale pour valider un swipe\n\n        if (Math.abs(deltaY) > verticalThreshold) {\n          \/\/ L'utilisateur a scroll\u00e9 vers le haut ou le bas, on ignore le swipe\n          return;\n        }\n\n        if (deltaX > swipeThreshold) {\n          \/\/ Swipe vers la gauche (slide suivante)\n          swipeToSlide(currentIndex + 1);\n        } else if (deltaX < -swipeThreshold) {\n          \/\/ Swipe vers la droite (slide pr\u00e9c\u00e9dente)\n          swipeToSlide(currentIndex - 1);\n        }\n      }\n    });\n  <\/script>\n  \n<\/body>\n<\/html>\n\t\t<\/div>\n\t\t\t\t<\/div>\n\t\t\t\t\t<\/div>\n\t\t<\/div>\n\t\t\t\t\t<\/div>\n\t\t<\/section>\n\t\t\t\t<\/div>","protected":false},"excerpt":{"rendered":"<p>Visite de l&rsquo;Islette A- A+ \u276e \u276f 1. Willkommen Ihr Browser unterst\u00fctzt das Audioelement nicht. Liebe Besucher, meine Frau und ich, zusammen mit unseren Kindern, freuen uns, Sie in l&rsquo;Islette [&hellip;]<\/p>","protected":false},"author":1,"featured_media":0,"parent":0,"menu_order":0,"comment_status":"closed","ping_status":"closed","template":"","meta":{"site-sidebar-layout":"no-sidebar","site-content-layout":"page-builder","ast-site-content-layout":"full-width-container","site-content-style":"default","site-sidebar-style":"default","ast-global-header-display":"disabled","ast-banner-title-visibility":"disabled","ast-main-header-display":"","ast-hfb-above-header-display":"","ast-hfb-below-header-display":"","ast-hfb-mobile-header-display":"","site-post-title":"disabled","ast-breadcrumbs-content":"","ast-featured-img":"disabled","footer-sml-layout":"disabled","theme-transparent-header-meta":"","adv-header-id-meta":"","stick-header-meta":"","header-above-stick-meta":"","header-main-stick-meta":"","header-below-stick-meta":"","astra-migrate-meta-layouts":"set","ast-page-background-enabled":"default","ast-page-background-meta":{"desktop":{"background-color":"","background-image":"","background-repeat":"repeat","background-position":"center center","background-size":"auto","background-attachment":"scroll","background-type":"","background-media":"","overlay-type":"","overlay-color":"","overlay-gradient":""},"tablet":{"background-color":"","background-image":"","background-repeat":"repeat","background-position":"center center","background-size":"auto","background-attachment":"scroll","background-type":"","background-media":"","overlay-type":"","overlay-color":"","overlay-gradient":""},"mobile":{"background-color":"","background-image":"","background-repeat":"repeat","background-position":"center center","background-size":"auto","background-attachment":"scroll","background-type":"","background-media":"","overlay-type":"","overlay-color":"","overlay-gradient":""}},"ast-content-background-meta":{"desktop":{"background-color":"var(--ast-global-color-5)","background-image":"","background-repeat":"repeat","background-position":"center center","background-size":"auto","background-attachment":"scroll","background-type":"","background-media":"","overlay-type":"","overlay-color":"","overlay-gradient":""},"tablet":{"background-color":"var(--ast-global-color-5)","background-image":"","background-repeat":"repeat","background-position":"center center","background-size":"auto","background-attachment":"scroll","background-type":"","background-media":"","overlay-type":"","overlay-color":"","overlay-gradient":""},"mobile":{"background-color":"var(--ast-global-color-5)","background-image":"","background-repeat":"repeat","background-position":"center center","background-size":"auto","background-attachment":"scroll","background-type":"","background-media":"","overlay-type":"","overlay-color":"","overlay-gradient":""}},"_price":"","_stock":"","_tribe_ticket_header":"","_tribe_default_ticket_provider":"","_tribe_ticket_capacity":"0","_ticket_start_date":"","_ticket_end_date":"","_tribe_ticket_show_description":"","_tribe_ticket_show_not_going":false,"_tribe_ticket_use_global_stock":"","_tribe_ticket_global_stock_level":"","_global_stock_mode":"","_global_stock_cap":"","_tribe_rsvp_for_event":"","_tribe_ticket_going_count":"","_tribe_ticket_not_going_count":"","_tribe_tickets_list":"[]","_tribe_ticket_has_attendee_info_fields":false,"footnotes":"","_tec_slr_enabled":"","_tec_slr_layout":""},"class_list":["post-29673","page","type-page","status-publish","hentry"],"yoast_head":"<!-- This site is optimized with the Yoast SEO plugin v25.6 - https:\/\/yoast.com\/wordpress\/plugins\/seo\/ -->\n<title>visite-de - Ch\u00e2teau de l&#039;Islette<\/title>\n<meta name=\"robots\" content=\"index, follow, max-snippet:-1, max-image-preview:large, max-video-preview:-1\" \/>\n<link rel=\"canonical\" href=\"https:\/\/www.chateaudelislette.fr\/en\/visite-de\/\" \/>\n<meta property=\"og:locale\" content=\"en_US\" \/>\n<meta property=\"og:type\" content=\"article\" \/>\n<meta property=\"og:title\" content=\"visite-de - Ch\u00e2teau de l&#039;Islette\" \/>\n<meta property=\"og:description\" content=\"Visite de l&rsquo;Islette A- A+ \u276e \u276f 1. Willkommen Ihr Browser unterst\u00fctzt das Audioelement nicht. Liebe Besucher, meine Frau und ich, zusammen mit unseren Kindern, freuen uns, Sie in l&rsquo;Islette [&hellip;]\" \/>\n<meta property=\"og:url\" content=\"https:\/\/www.chateaudelislette.fr\/en\/visite-de\/\" \/>\n<meta property=\"og:site_name\" content=\"Ch\u00e2teau de l&#039;Islette\" \/>\n<meta property=\"article:publisher\" content=\"https:\/\/www.facebook.com\/chateaudelislette\" \/>\n<meta property=\"article:modified_time\" content=\"2025-03-28T14:30:23+00:00\" \/>\n<meta name=\"twitter:card\" content=\"summary_large_image\" \/>\n<meta name=\"twitter:label1\" content=\"Est. reading time\" \/>\n\t<meta name=\"twitter:data1\" content=\"19 minutes\" \/>\n<script type=\"application\/ld+json\" class=\"yoast-schema-graph\">{\"@context\":\"https:\/\/schema.org\",\"@graph\":[{\"@type\":\"WebPage\",\"@id\":\"https:\/\/www.chateaudelislette.fr\/visite-de\",\"url\":\"https:\/\/www.chateaudelislette.fr\/visite-de\",\"name\":\"visite-de - Ch\u00e2teau de l&#039;Islette\",\"isPartOf\":{\"@id\":\"https:\/\/www.chateaudelislette.fr\/#website\"},\"datePublished\":\"2025-03-25T15:27:32+00:00\",\"dateModified\":\"2025-03-28T14:30:23+00:00\",\"breadcrumb\":{\"@id\":\"https:\/\/www.chateaudelislette.fr\/visite-de#breadcrumb\"},\"inLanguage\":\"en-US\",\"potentialAction\":[{\"@type\":\"ReadAction\",\"target\":[\"https:\/\/www.chateaudelislette.fr\/visite-de\"]}]},{\"@type\":\"BreadcrumbList\",\"@id\":\"https:\/\/www.chateaudelislette.fr\/visite-de#breadcrumb\",\"itemListElement\":[{\"@type\":\"ListItem\",\"position\":1,\"name\":\"Accueil\",\"item\":\"https:\/\/www.chateaudelislette.fr\/\"},{\"@type\":\"ListItem\",\"position\":2,\"name\":\"visite-de\"}]},{\"@type\":\"WebSite\",\"@id\":\"https:\/\/www.chateaudelislette.fr\/#website\",\"url\":\"https:\/\/www.chateaudelislette.fr\/\",\"name\":\"Ch\u00e2teau de l'Islette\",\"description\":\"Le ch\u00e2teau des amours de Camille Claudel et Rodin\",\"publisher\":{\"@id\":\"https:\/\/www.chateaudelislette.fr\/#organization\"},\"potentialAction\":[{\"@type\":\"SearchAction\",\"target\":{\"@type\":\"EntryPoint\",\"urlTemplate\":\"https:\/\/www.chateaudelislette.fr\/?s={search_term_string}\"},\"query-input\":{\"@type\":\"PropertyValueSpecification\",\"valueRequired\":true,\"valueName\":\"search_term_string\"}}],\"inLanguage\":\"en-US\"},{\"@type\":\"Organization\",\"@id\":\"https:\/\/www.chateaudelislette.fr\/#organization\",\"name\":\"Ch\u00e2teau de l'Islette\",\"url\":\"https:\/\/www.chateaudelislette.fr\/\",\"logo\":{\"@type\":\"ImageObject\",\"inLanguage\":\"en-US\",\"@id\":\"https:\/\/www.chateaudelislette.fr\/#\/schema\/logo\/image\/\",\"url\":\"https:\/\/www.chateaudelislette.fr\/wp-content\/uploads\/2023\/06\/Logo-Islette.png\",\"contentUrl\":\"https:\/\/www.chateaudelislette.fr\/wp-content\/uploads\/2023\/06\/Logo-Islette.png\",\"width\":546,\"height\":634,\"caption\":\"Ch\u00e2teau de l'Islette\"},\"image\":{\"@id\":\"https:\/\/www.chateaudelislette.fr\/#\/schema\/logo\/image\/\"},\"sameAs\":[\"https:\/\/www.facebook.com\/chateaudelislette\",\"https:\/\/www.instagram.com\/chateaudelislette\"]}]}<\/script>\n<!-- \/ Yoast SEO plugin. -->","yoast_head_json":{"title":"visite-de - Ch\u00e2teau de l&#039;Islette","robots":{"index":"index","follow":"follow","max-snippet":"max-snippet:-1","max-image-preview":"max-image-preview:large","max-video-preview":"max-video-preview:-1"},"canonical":"https:\/\/www.chateaudelislette.fr\/en\/visite-de\/","og_locale":"en_US","og_type":"article","og_title":"visite-de - Ch\u00e2teau de l&#039;Islette","og_description":"Visite de l&rsquo;Islette A- A+ \u276e \u276f 1. Willkommen Ihr Browser unterst\u00fctzt das Audioelement nicht. Liebe Besucher, meine Frau und ich, zusammen mit unseren Kindern, freuen uns, Sie in l&rsquo;Islette [&hellip;]","og_url":"https:\/\/www.chateaudelislette.fr\/en\/visite-de\/","og_site_name":"Ch\u00e2teau de l&#039;Islette","article_publisher":"https:\/\/www.facebook.com\/chateaudelislette","article_modified_time":"2025-03-28T14:30:23+00:00","twitter_card":"summary_large_image","twitter_misc":{"Est. reading time":"19 minutes"},"schema":{"@context":"https:\/\/schema.org","@graph":[{"@type":"WebPage","@id":"https:\/\/www.chateaudelislette.fr\/visite-de","url":"https:\/\/www.chateaudelislette.fr\/visite-de","name":"visite-de - Ch\u00e2teau de l&#039;Islette","isPartOf":{"@id":"https:\/\/www.chateaudelislette.fr\/#website"},"datePublished":"2025-03-25T15:27:32+00:00","dateModified":"2025-03-28T14:30:23+00:00","breadcrumb":{"@id":"https:\/\/www.chateaudelislette.fr\/visite-de#breadcrumb"},"inLanguage":"en-US","potentialAction":[{"@type":"ReadAction","target":["https:\/\/www.chateaudelislette.fr\/visite-de"]}]},{"@type":"BreadcrumbList","@id":"https:\/\/www.chateaudelislette.fr\/visite-de#breadcrumb","itemListElement":[{"@type":"ListItem","position":1,"name":"Accueil","item":"https:\/\/www.chateaudelislette.fr\/"},{"@type":"ListItem","position":2,"name":"visite-de"}]},{"@type":"WebSite","@id":"https:\/\/www.chateaudelislette.fr\/#website","url":"https:\/\/www.chateaudelislette.fr\/","name":"Ch\u00e2teau de l&#039;Islette","description":"The love castle of Camille Claudel and Rodin","publisher":{"@id":"https:\/\/www.chateaudelislette.fr\/#organization"},"potentialAction":[{"@type":"SearchAction","target":{"@type":"EntryPoint","urlTemplate":"https:\/\/www.chateaudelislette.fr\/?s={search_term_string}"},"query-input":{"@type":"PropertyValueSpecification","valueRequired":true,"valueName":"search_term_string"}}],"inLanguage":"en-US"},{"@type":"Organization","@id":"https:\/\/www.chateaudelislette.fr\/#organization","name":"Ch\u00e2teau de l&#039;Islette","url":"https:\/\/www.chateaudelislette.fr\/","logo":{"@type":"ImageObject","inLanguage":"en-US","@id":"https:\/\/www.chateaudelislette.fr\/#\/schema\/logo\/image\/","url":"https:\/\/www.chateaudelislette.fr\/wp-content\/uploads\/2023\/06\/Logo-Islette.png","contentUrl":"https:\/\/www.chateaudelislette.fr\/wp-content\/uploads\/2023\/06\/Logo-Islette.png","width":546,"height":634,"caption":"Ch\u00e2teau de l'Islette"},"image":{"@id":"https:\/\/www.chateaudelislette.fr\/#\/schema\/logo\/image\/"},"sameAs":["https:\/\/www.facebook.com\/chateaudelislette","https:\/\/www.instagram.com\/chateaudelislette"]}]}},"jetpack_sharing_enabled":true,"ticketed":false,"_links":{"self":[{"href":"https:\/\/www.chateaudelislette.fr\/en\/wp-json\/wp\/v2\/pages\/29673","targetHints":{"allow":["GET"]}}],"collection":[{"href":"https:\/\/www.chateaudelislette.fr\/en\/wp-json\/wp\/v2\/pages"}],"about":[{"href":"https:\/\/www.chateaudelislette.fr\/en\/wp-json\/wp\/v2\/types\/page"}],"author":[{"embeddable":true,"href":"https:\/\/www.chateaudelislette.fr\/en\/wp-json\/wp\/v2\/users\/1"}],"replies":[{"embeddable":true,"href":"https:\/\/www.chateaudelislette.fr\/en\/wp-json\/wp\/v2\/comments?post=29673"}],"version-history":[{"count":0,"href":"https:\/\/www.chateaudelislette.fr\/en\/wp-json\/wp\/v2\/pages\/29673\/revisions"}],"wp:attachment":[{"href":"https:\/\/www.chateaudelislette.fr\/en\/wp-json\/wp\/v2\/media?parent=29673"}],"curies":[{"name":"wp","href":"https:\/\/api.w.org\/{rel}","templated":true}]}}