{"id":29046,"date":"2025-02-18T15:03:25","date_gmt":"2025-02-18T14:03:25","guid":{"rendered":"https:\/\/www.chateaudelislette.fr\/?page_id=29046"},"modified":"2026-04-27T14:34:12","modified_gmt":"2026-04-27T12:34:12","slug":"fete-des-plantes","status":"publish","type":"page","link":"https:\/\/www.chateaudelislette.fr\/en\/fete-des-plantes","title":{"rendered":"Plant Festival"},"content":{"rendered":"<div data-elementor-type=\"wp-page\" data-elementor-id=\"29046\" class=\"elementor elementor-29046\">\n\t\t\t\t\t\t<section class=\"elementor-section elementor-top-section elementor-element elementor-element-456b996b elementor-section-full_width elementor-section-height-default elementor-section-height-default\" data-id=\"456b996b\" data-element_type=\"section\" data-settings=\"{&quot;background_background&quot;:&quot;classic&quot;}\">\n\t\t\t\t\t\t<div class=\"elementor-container elementor-column-gap-default\">\n\t\t\t\t\t<div class=\"elementor-column elementor-col-50 elementor-top-column elementor-element elementor-element-509161e4\" data-id=\"509161e4\" data-element_type=\"column\">\n\t\t\t<div class=\"elementor-widget-wrap elementor-element-populated\">\n\t\t\t\t\t\t<div class=\"elementor-element elementor-element-4bfc2792 elementor-widget elementor-widget-heading\" data-id=\"4bfc2792\" data-element_type=\"widget\" data-widget_type=\"heading.default\">\n\t\t\t\t<div class=\"elementor-widget-container\">\n\t\t\t<style>\/*! elementor - v3.22.0 - 17-06-2024 *\/\n.elementor-heading-title{padding:0;margin:0;line-height:1}.elementor-widget-heading .elementor-heading-title[class*=elementor-size-]>a{color:inherit;font-size:inherit;line-height:inherit}.elementor-widget-heading .elementor-heading-title.elementor-size-small{font-size:15px}.elementor-widget-heading .elementor-heading-title.elementor-size-medium{font-size:19px}.elementor-widget-heading .elementor-heading-title.elementor-size-large{font-size:29px}.elementor-widget-heading .elementor-heading-title.elementor-size-xl{font-size:39px}.elementor-widget-heading .elementor-heading-title.elementor-size-xxl{font-size:59px}<\/style><h2 class=\"elementor-heading-title elementor-size-default\">Plant Festival<\/h2>\t\t<\/div>\n\t\t\t\t<\/div>\n\t\t\t\t<div class=\"elementor-element elementor-element-25772aa5 elementor-widget elementor-widget-text-editor\" data-id=\"25772aa5\" data-element_type=\"widget\" data-widget_type=\"text-editor.default\">\n\t\t\t\t<div class=\"elementor-widget-container\">\n\t\t\t<style>\/*! elementor - v3.22.0 - 17-06-2024 *\/\n.elementor-widget-text-editor.elementor-drop-cap-view-stacked .elementor-drop-cap{background-color:#69727d;color:#fff}.elementor-widget-text-editor.elementor-drop-cap-view-framed .elementor-drop-cap{color:#69727d;border:3px solid;background-color:transparent}.elementor-widget-text-editor:not(.elementor-drop-cap-view-default) .elementor-drop-cap{margin-top:8px}.elementor-widget-text-editor:not(.elementor-drop-cap-view-default) .elementor-drop-cap-letter{width:1em;height:1em}.elementor-widget-text-editor .elementor-drop-cap{float:left;text-align:center;line-height:1;font-size:50px}.elementor-widget-text-editor .elementor-drop-cap-letter{display:inline-block}<\/style>\t\t\t\t<p>May 9 &amp; 10, 2026<\/p>\t\t\t\t\t\t<\/div>\n\t\t\t\t<\/div>\n\t\t\t\t<div class=\"elementor-element elementor-element-3fe4b80d elementor-widget elementor-widget-text-editor\" data-id=\"3fe4b80d\" data-element_type=\"widget\" data-widget_type=\"text-editor.default\">\n\t\t\t\t<div class=\"elementor-widget-container\">\n\t\t\t\t\t\t\t<p>The second edition of the plant festival will take place on May 9th &amp; 10th and will bring together more than forty exhibitors!<\/p><p>Exceptional entry prices are planned for the occasion:<br \/>\u2013 Garden entrance fee: \u20ac6 \/ free for children under 7<br \/>\u2013 Garden + castle admission: \u20ac10 \/ adult, \u20ac7.50 \/ children 7-17, free for children under 7<\/p>\t\t\t\t\t\t<\/div>\n\t\t\t\t<\/div>\n\t\t\t\t<div class=\"elementor-element elementor-element-82ae19b elementor-hidden-desktop elementor-hidden-tablet elementor-hidden-mobile elementor-widget elementor-widget-button\" data-id=\"82ae19b\" data-element_type=\"widget\" data-widget_type=\"button.default\">\n\t\t\t\t<div class=\"elementor-widget-container\">\n\t\t\t\t\t<div class=\"elementor-button-wrapper\">\n\t\t\t<a class=\"elementor-button elementor-button-link elementor-size-sm\" href=\"\/en\/billetterie-fete-des-plantes\/\">\n\t\t\t\t\t\t<span class=\"elementor-button-content-wrapper\">\n\t\t\t\t\t\t<span class=\"elementor-button-icon\">\n\t\t\t\t<svg aria-hidden=\"true\" class=\"e-font-icon-svg e-fas-ticket-alt\" viewbox=\"0 0 576 512\" xmlns=\"http:\/\/www.w3.org\/2000\/svg\"><path d=\"M128 160h320v192H128V160zm400 96c0 26.51 21.49 48 48 48v96c0 26.51-21.49 48-48 48H48c-26.51 0-48-21.49-48-48v-96c26.51 0 48-21.49 48-48s-21.49-48-48-48v-96c0-26.51 21.49-48 48-48h480c26.51 0 48 21.49 48 48v96c-26.51 0-48 21.49-48 48zm-48-104c0-13.255-10.745-24-24-24H120c-13.255 0-24 10.745-24 24v208c0 13.255 10.745 24 24 24h336c13.255 0 24-10.745 24-24V152z\"><\/path><\/svg>\t\t\t<\/span>\n\t\t\t\t\t\t\t\t\t<span class=\"elementor-button-text\">Online ticketing<\/span>\n\t\t\t\t\t<\/span>\n\t\t\t\t\t<\/a>\n\t\t<\/div>\n\t\t\t\t<\/div>\n\t\t\t\t<\/div>\n\t\t\t\t<div class=\"elementor-element elementor-element-871748b elementor-widget elementor-widget-text-editor\" data-id=\"871748b\" data-element_type=\"widget\" data-widget_type=\"text-editor.default\">\n\t\t\t\t<div class=\"elementor-widget-container\">\n\t\t\t\t\t\t\t<p><span style=\"font-style: inherit; font-weight: inherit;\">We will have the chance to welcome nurserymen, plant and garden lovers.<\/span><\/p><p>We hope they will be able to pass on their love of flowers and plants to you.<\/p><p>Exhibitors and artisans related to flowers and gardens will also be present.<\/p><p>12:30 \u2013 A concert will take place at lunchtime (12:30-14:00) for a musical interlude.\u00a0<\/p><p>For lunch, we will be hosting several food trucks for the occasion.<\/p>\t\t\t\t\t\t<\/div>\n\t\t\t\t<\/div>\n\t\t\t\t<div class=\"elementor-element elementor-element-42bf2fc elementor-widget elementor-widget-button\" data-id=\"42bf2fc\" data-element_type=\"widget\" data-widget_type=\"button.default\">\n\t\t\t\t<div class=\"elementor-widget-container\">\n\t\t\t\t\t<div class=\"elementor-button-wrapper\">\n\t\t\t<a class=\"elementor-button elementor-button-link elementor-size-sm\" href=\"\/en\/billetterie-fete-des-plantes\/\">\n\t\t\t\t\t\t<span class=\"elementor-button-content-wrapper\">\n\t\t\t\t\t\t<span class=\"elementor-button-icon\">\n\t\t\t\t<svg aria-hidden=\"true\" class=\"e-font-icon-svg e-fas-ticket-alt\" viewbox=\"0 0 576 512\" xmlns=\"http:\/\/www.w3.org\/2000\/svg\"><path d=\"M128 160h320v192H128V160zm400 96c0 26.51 21.49 48 48 48v96c0 26.51-21.49 48-48 48H48c-26.51 0-48-21.49-48-48v-96c26.51 0 48-21.49 48-48s-21.49-48-48-48v-96c0-26.51 21.49-48 48-48h480c26.51 0 48 21.49 48 48v96c-26.51 0-48 21.49-48 48zm-48-104c0-13.255-10.745-24-24-24H120c-13.255 0-24 10.745-24 24v208c0 13.255 10.745 24 24 24h336c13.255 0 24-10.745 24-24V152z\"><\/path><\/svg>\t\t\t<\/span>\n\t\t\t\t\t\t\t\t\t<span class=\"elementor-button-text\">Online ticketing<\/span>\n\t\t\t\t\t<\/span>\n\t\t\t\t\t<\/a>\n\t\t<\/div>\n\t\t\t\t<\/div>\n\t\t\t\t<\/div>\n\t\t\t\t\t<\/div>\n\t\t<\/div>\n\t\t\t\t<div class=\"elementor-column elementor-col-50 elementor-top-column elementor-element elementor-element-68c008c5\" data-id=\"68c008c5\" data-element_type=\"column\">\n\t\t\t<div class=\"elementor-widget-wrap elementor-element-populated\">\n\t\t\t\t\t\t<div class=\"elementor-element elementor-element-77f66f17 elementor-widget elementor-widget-image\" data-id=\"77f66f17\" data-element_type=\"widget\" data-widget_type=\"image.default\">\n\t\t\t\t<div class=\"elementor-widget-container\">\n\t\t\t<style>\/*! elementor - v3.22.0 - 17-06-2024 *\/\n.elementor-widget-image{text-align:center}.elementor-widget-image a{display:inline-block}.elementor-widget-image a img[src$=\".svg\"]{width:48px}.elementor-widget-image img{vertical-align:middle;display:inline-block}<\/style>\t\t\t\t\t\t\t\t\t\t<img fetchpriority=\"high\" decoding=\"async\" width=\"758\" height=\"1024\" src=\"https:\/\/www.chateaudelislette.fr\/wp-content\/uploads\/2025\/02\/Fete-des-plantes-758x1024.png\" class=\"attachment-large size-large wp-image-29051\" alt=\"\" srcset=\"https:\/\/www.chateaudelislette.fr\/wp-content\/uploads\/2025\/02\/Fete-des-plantes-758x1024.png 758w, https:\/\/www.chateaudelislette.fr\/wp-content\/uploads\/2025\/02\/Fete-des-plantes-222x300.png 222w, https:\/\/www.chateaudelislette.fr\/wp-content\/uploads\/2025\/02\/Fete-des-plantes-768x1037.png 768w, https:\/\/www.chateaudelislette.fr\/wp-content\/uploads\/2025\/02\/Fete-des-plantes-1138x1536.png 1138w, https:\/\/www.chateaudelislette.fr\/wp-content\/uploads\/2025\/02\/Fete-des-plantes-9x12.png 9w, https:\/\/www.chateaudelislette.fr\/wp-content\/uploads\/2025\/02\/Fete-des-plantes-600x810.png 600w, https:\/\/www.chateaudelislette.fr\/wp-content\/uploads\/2025\/02\/Fete-des-plantes.png 1414w\" sizes=\"(max-width: 758px) 100vw, 758px\" \/>\t\t\t\t\t\t\t\t\t\t\t\t\t<\/div>\n\t\t\t\t<\/div>\n\t\t\t\t\t<\/div>\n\t\t<\/div>\n\t\t\t\t\t<\/div>\n\t\t<\/section>\n\t\t\t\t<\/div>","protected":false},"excerpt":{"rendered":"<p>F\u00eate des plantes Les 9 &amp; 10 mai 2026 La seconde \u00e9dition de la f\u00eate des plantes aura lieu les 9 &amp; 10 mai et r\u00e9unira plus d&rsquo;une quarantaine d&rsquo;exposants [&hellip;]<\/p>","protected":false},"author":1,"featured_media":0,"parent":0,"menu_order":0,"comment_status":"closed","ping_status":"closed","template":"","meta":{"site-sidebar-layout":"no-sidebar","site-content-layout":"page-builder","ast-site-content-layout":"full-width-container","site-content-style":"default","site-sidebar-style":"default","ast-global-header-display":"","ast-banner-title-visibility":"","ast-main-header-display":"","ast-hfb-above-header-display":"","ast-hfb-below-header-display":"","ast-hfb-mobile-header-display":"","site-post-title":"disabled","ast-breadcrumbs-content":"","ast-featured-img":"disabled","footer-sml-layout":"","theme-transparent-header-meta":"","adv-header-id-meta":"","stick-header-meta":"","header-above-stick-meta":"","header-main-stick-meta":"","header-below-stick-meta":"","astra-migrate-meta-layouts":"set","ast-page-background-enabled":"default","ast-page-background-meta":{"desktop":{"background-color":"","background-image":"","background-repeat":"repeat","background-position":"center center","background-size":"auto","background-attachment":"scroll","background-type":"","background-media":"","overlay-type":"","overlay-color":"","overlay-gradient":""},"tablet":{"background-color":"","background-image":"","background-repeat":"repeat","background-position":"center center","background-size":"auto","background-attachment":"scroll","background-type":"","background-media":"","overlay-type":"","overlay-color":"","overlay-gradient":""},"mobile":{"background-color":"","background-image":"","background-repeat":"repeat","background-position":"center center","background-size":"auto","background-attachment":"scroll","background-type":"","background-media":"","overlay-type":"","overlay-color":"","overlay-gradient":""}},"ast-content-background-meta":{"desktop":{"background-color":"var(--ast-global-color-5)","background-image":"","background-repeat":"repeat","background-position":"center center","background-size":"auto","background-attachment":"scroll","background-type":"","background-media":"","overlay-type":"","overlay-color":"","overlay-gradient":""},"tablet":{"background-color":"var(--ast-global-color-5)","background-image":"","background-repeat":"repeat","background-position":"center center","background-size":"auto","background-attachment":"scroll","background-type":"","background-media":"","overlay-type":"","overlay-color":"","overlay-gradient":""},"mobile":{"background-color":"var(--ast-global-color-5)","background-image":"","background-repeat":"repeat","background-position":"center center","background-size":"auto","background-attachment":"scroll","background-type":"","background-media":"","overlay-type":"","overlay-color":"","overlay-gradient":""}},"_price":"","_stock":"","_tribe_ticket_header":"","_tribe_default_ticket_provider":"","_tribe_ticket_capacity":"0","_ticket_start_date":"","_ticket_end_date":"","_tribe_ticket_show_description":"","_tribe_ticket_show_not_going":false,"_tribe_ticket_use_global_stock":"","_tribe_ticket_global_stock_level":"","_global_stock_mode":"","_global_stock_cap":"","_tribe_rsvp_for_event":"","_tribe_ticket_going_count":"","_tribe_ticket_not_going_count":"","_tribe_tickets_list":"[]","_tribe_ticket_has_attendee_info_fields":false,"footnotes":"","_tec_slr_enabled":"","_tec_slr_layout":""},"class_list":["post-29046","page","type-page","status-publish","hentry"],"yoast_head":"<!-- This site is optimized with the Yoast SEO plugin v25.6 - https:\/\/yoast.com\/wordpress\/plugins\/seo\/ -->\n<title>F\u00eate des plantes - Ch\u00e2teau de l&#039;Islette<\/title>\n<meta name=\"robots\" content=\"index, follow, max-snippet:-1, max-image-preview:large, max-video-preview:-1\" \/>\n<link rel=\"canonical\" href=\"https:\/\/www.chateaudelislette.fr\/en\/fete-des-plantes\/\" \/>\n<meta property=\"og:locale\" content=\"en_US\" \/>\n<meta property=\"og:type\" content=\"article\" \/>\n<meta property=\"og:title\" content=\"F\u00eate des plantes - Ch\u00e2teau de l&#039;Islette\" \/>\n<meta property=\"og:description\" content=\"F\u00eate des plantes Les 9 &amp; 10 mai 2026 La seconde \u00e9dition de la f\u00eate des plantes aura lieu les 9 &amp; 10 mai et r\u00e9unira plus d&rsquo;une quarantaine d&rsquo;exposants [&hellip;]\" \/>\n<meta property=\"og:url\" content=\"https:\/\/www.chateaudelislette.fr\/en\/fete-des-plantes\/\" \/>\n<meta property=\"og:site_name\" content=\"Ch\u00e2teau de l&#039;Islette\" \/>\n<meta property=\"article:publisher\" content=\"https:\/\/www.facebook.com\/chateaudelislette\" \/>\n<meta property=\"article:modified_time\" content=\"2026-04-27T12:34:12+00:00\" \/>\n<meta property=\"og:image\" content=\"https:\/\/www.chateaudelislette.fr\/wp-content\/uploads\/2025\/02\/Fete-des-plantes-758x1024.png\" \/>\n\t<meta property=\"og:image:width\" content=\"758\" \/>\n\t<meta property=\"og:image:height\" content=\"1024\" \/>\n\t<meta property=\"og:image:type\" content=\"image\/png\" \/>\n<meta name=\"twitter:card\" content=\"summary_large_image\" \/>\n<meta name=\"twitter:label1\" content=\"Est. reading time\" \/>\n\t<meta name=\"twitter:data1\" content=\"1 minute\" \/>\n<script type=\"application\/ld+json\" class=\"yoast-schema-graph\">{\"@context\":\"https:\/\/schema.org\",\"@graph\":[{\"@type\":\"WebPage\",\"@id\":\"https:\/\/www.chateaudelislette.fr\/fete-des-plantes\",\"url\":\"https:\/\/www.chateaudelislette.fr\/fete-des-plantes\",\"name\":\"F\u00eate des plantes - Ch\u00e2teau de l&#039;Islette\",\"isPartOf\":{\"@id\":\"https:\/\/www.chateaudelislette.fr\/#website\"},\"primaryImageOfPage\":{\"@id\":\"https:\/\/www.chateaudelislette.fr\/fete-des-plantes#primaryimage\"},\"image\":{\"@id\":\"https:\/\/www.chateaudelislette.fr\/fete-des-plantes#primaryimage\"},\"thumbnailUrl\":\"https:\/\/www.chateaudelislette.fr\/wp-content\/uploads\/2025\/02\/Fete-des-plantes-758x1024.png\",\"datePublished\":\"2025-02-18T14:03:25+00:00\",\"dateModified\":\"2026-04-27T12:34:12+00:00\",\"breadcrumb\":{\"@id\":\"https:\/\/www.chateaudelislette.fr\/fete-des-plantes#breadcrumb\"},\"inLanguage\":\"en-US\",\"potentialAction\":[{\"@type\":\"ReadAction\",\"target\":[\"https:\/\/www.chateaudelislette.fr\/fete-des-plantes\"]}]},{\"@type\":\"ImageObject\",\"inLanguage\":\"en-US\",\"@id\":\"https:\/\/www.chateaudelislette.fr\/fete-des-plantes#primaryimage\",\"url\":\"https:\/\/www.chateaudelislette.fr\/wp-content\/uploads\/2025\/02\/Fete-des-plantes-758x1024.png\",\"contentUrl\":\"https:\/\/www.chateaudelislette.fr\/wp-content\/uploads\/2025\/02\/Fete-des-plantes-758x1024.png\"},{\"@type\":\"BreadcrumbList\",\"@id\":\"https:\/\/www.chateaudelislette.fr\/fete-des-plantes#breadcrumb\",\"itemListElement\":[{\"@type\":\"ListItem\",\"position\":1,\"name\":\"Accueil\",\"item\":\"https:\/\/www.chateaudelislette.fr\/\"},{\"@type\":\"ListItem\",\"position\":2,\"name\":\"F\u00eate des plantes\"}]},{\"@type\":\"WebSite\",\"@id\":\"https:\/\/www.chateaudelislette.fr\/#website\",\"url\":\"https:\/\/www.chateaudelislette.fr\/\",\"name\":\"Ch\u00e2teau de l'Islette\",\"description\":\"Le ch\u00e2teau des amours de Camille Claudel et Rodin\",\"publisher\":{\"@id\":\"https:\/\/www.chateaudelislette.fr\/#organization\"},\"potentialAction\":[{\"@type\":\"SearchAction\",\"target\":{\"@type\":\"EntryPoint\",\"urlTemplate\":\"https:\/\/www.chateaudelislette.fr\/?s={search_term_string}\"},\"query-input\":{\"@type\":\"PropertyValueSpecification\",\"valueRequired\":true,\"valueName\":\"search_term_string\"}}],\"inLanguage\":\"en-US\"},{\"@type\":\"Organization\",\"@id\":\"https:\/\/www.chateaudelislette.fr\/#organization\",\"name\":\"Ch\u00e2teau de l'Islette\",\"url\":\"https:\/\/www.chateaudelislette.fr\/\",\"logo\":{\"@type\":\"ImageObject\",\"inLanguage\":\"en-US\",\"@id\":\"https:\/\/www.chateaudelislette.fr\/#\/schema\/logo\/image\/\",\"url\":\"https:\/\/www.chateaudelislette.fr\/wp-content\/uploads\/2023\/06\/Logo-Islette.png\",\"contentUrl\":\"https:\/\/www.chateaudelislette.fr\/wp-content\/uploads\/2023\/06\/Logo-Islette.png\",\"width\":546,\"height\":634,\"caption\":\"Ch\u00e2teau de l'Islette\"},\"image\":{\"@id\":\"https:\/\/www.chateaudelislette.fr\/#\/schema\/logo\/image\/\"},\"sameAs\":[\"https:\/\/www.facebook.com\/chateaudelislette\",\"https:\/\/www.instagram.com\/chateaudelislette\"]}]}<\/script>\n<!-- \/ Yoast SEO plugin. -->","yoast_head_json":{"title":"Plant Festival - Ch\u00e2teau de l&#039;Islette","robots":{"index":"index","follow":"follow","max-snippet":"max-snippet:-1","max-image-preview":"max-image-preview:large","max-video-preview":"max-video-preview:-1"},"canonical":"https:\/\/www.chateaudelislette.fr\/en\/fete-des-plantes\/","og_locale":"en_US","og_type":"article","og_title":"F\u00eate des plantes - Ch\u00e2teau de l&#039;Islette","og_description":"F\u00eate des plantes Les 9 &amp; 10 mai 2026 La seconde \u00e9dition de la f\u00eate des plantes aura lieu les 9 &amp; 10 mai et r\u00e9unira plus d&rsquo;une quarantaine d&rsquo;exposants [&hellip;]","og_url":"https:\/\/www.chateaudelislette.fr\/en\/fete-des-plantes\/","og_site_name":"Ch\u00e2teau de l&#039;Islette","article_publisher":"https:\/\/www.facebook.com\/chateaudelislette","article_modified_time":"2026-04-27T12:34:12+00:00","og_image":[{"width":758,"height":1024,"url":"https:\/\/www.chateaudelislette.fr\/wp-content\/uploads\/2025\/02\/Fete-des-plantes-758x1024.png","type":"image\/png"}],"twitter_card":"summary_large_image","twitter_misc":{"Est. reading time":"1 minute"},"schema":{"@context":"https:\/\/schema.org","@graph":[{"@type":"WebPage","@id":"https:\/\/www.chateaudelislette.fr\/fete-des-plantes","url":"https:\/\/www.chateaudelislette.fr\/fete-des-plantes","name":"Plant Festival - Ch\u00e2teau de l&#039;Islette","isPartOf":{"@id":"https:\/\/www.chateaudelislette.fr\/#website"},"primaryImageOfPage":{"@id":"https:\/\/www.chateaudelislette.fr\/fete-des-plantes#primaryimage"},"image":{"@id":"https:\/\/www.chateaudelislette.fr\/fete-des-plantes#primaryimage"},"thumbnailUrl":"https:\/\/www.chateaudelislette.fr\/wp-content\/uploads\/2025\/02\/Fete-des-plantes-758x1024.png","datePublished":"2025-02-18T14:03:25+00:00","dateModified":"2026-04-27T12:34:12+00:00","breadcrumb":{"@id":"https:\/\/www.chateaudelislette.fr\/fete-des-plantes#breadcrumb"},"inLanguage":"en-US","potentialAction":[{"@type":"ReadAction","target":["https:\/\/www.chateaudelislette.fr\/fete-des-plantes"]}]},{"@type":"ImageObject","inLanguage":"en-US","@id":"https:\/\/www.chateaudelislette.fr\/fete-des-plantes#primaryimage","url":"https:\/\/www.chateaudelislette.fr\/wp-content\/uploads\/2025\/02\/Fete-des-plantes-758x1024.png","contentUrl":"https:\/\/www.chateaudelislette.fr\/wp-content\/uploads\/2025\/02\/Fete-des-plantes-758x1024.png"},{"@type":"BreadcrumbList","@id":"https:\/\/www.chateaudelislette.fr\/fete-des-plantes#breadcrumb","itemListElement":[{"@type":"ListItem","position":1,"name":"Accueil","item":"https:\/\/www.chateaudelislette.fr\/"},{"@type":"ListItem","position":2,"name":"F\u00eate des plantes"}]},{"@type":"WebSite","@id":"https:\/\/www.chateaudelislette.fr\/#website","url":"https:\/\/www.chateaudelislette.fr\/","name":"Ch\u00e2teau de l&#039;Islette","description":"The love castle of Camille Claudel and Rodin","publisher":{"@id":"https:\/\/www.chateaudelislette.fr\/#organization"},"potentialAction":[{"@type":"SearchAction","target":{"@type":"EntryPoint","urlTemplate":"https:\/\/www.chateaudelislette.fr\/?s={search_term_string}"},"query-input":{"@type":"PropertyValueSpecification","valueRequired":true,"valueName":"search_term_string"}}],"inLanguage":"en-US"},{"@type":"Organization","@id":"https:\/\/www.chateaudelislette.fr\/#organization","name":"Ch\u00e2teau de l&#039;Islette","url":"https:\/\/www.chateaudelislette.fr\/","logo":{"@type":"ImageObject","inLanguage":"en-US","@id":"https:\/\/www.chateaudelislette.fr\/#\/schema\/logo\/image\/","url":"https:\/\/www.chateaudelislette.fr\/wp-content\/uploads\/2023\/06\/Logo-Islette.png","contentUrl":"https:\/\/www.chateaudelislette.fr\/wp-content\/uploads\/2023\/06\/Logo-Islette.png","width":546,"height":634,"caption":"Ch\u00e2teau de l'Islette"},"image":{"@id":"https:\/\/www.chateaudelislette.fr\/#\/schema\/logo\/image\/"},"sameAs":["https:\/\/www.facebook.com\/chateaudelislette","https:\/\/www.instagram.com\/chateaudelislette"]}]}},"jetpack_sharing_enabled":true,"ticketed":false,"_links":{"self":[{"href":"https:\/\/www.chateaudelislette.fr\/en\/wp-json\/wp\/v2\/pages\/29046","targetHints":{"allow":["GET"]}}],"collection":[{"href":"https:\/\/www.chateaudelislette.fr\/en\/wp-json\/wp\/v2\/pages"}],"about":[{"href":"https:\/\/www.chateaudelislette.fr\/en\/wp-json\/wp\/v2\/types\/page"}],"author":[{"embeddable":true,"href":"https:\/\/www.chateaudelislette.fr\/en\/wp-json\/wp\/v2\/users\/1"}],"replies":[{"embeddable":true,"href":"https:\/\/www.chateaudelislette.fr\/en\/wp-json\/wp\/v2\/comments?post=29046"}],"version-history":[{"count":0,"href":"https:\/\/www.chateaudelislette.fr\/en\/wp-json\/wp\/v2\/pages\/29046\/revisions"}],"wp:attachment":[{"href":"https:\/\/www.chateaudelislette.fr\/en\/wp-json\/wp\/v2\/media?parent=29046"}],"curies":[{"name":"wp","href":"https:\/\/api.w.org\/{rel}","templated":true}]}}